{"id":775,"date":"2021-04-14T17:02:22","date_gmt":"2021-04-14T15:02:22","guid":{"rendered":"http:\/\/krysalide.net\/?page_id=775"},"modified":"2026-03-28T15:03:16","modified_gmt":"2026-03-28T14:03:16","slug":"actualites","status":"publish","type":"page","link":"https:\/\/krysalide.net\/index.php\/actualites\/","title":{"rendered":"Agenda"},"content":{"rendered":"\t\t<div data-elementor-type=\"wp-page\" data-elementor-id=\"775\" class=\"elementor elementor-775\">\n\t\t\t\t\t\t\t\t\t<section class=\"elementor-section elementor-top-section elementor-element elementor-element-8e44ecd elementor-section-boxed elementor-section-height-default elementor-section-height-default\" data-id=\"8e44ecd\" data-element_type=\"section\">\n\t\t\t\t\t\t<div class=\"elementor-container elementor-column-gap-default\">\n\t\t\t\t\t<div class=\"elementor-column elementor-col-100 elementor-top-column elementor-element elementor-element-aaee528\" data-id=\"aaee528\" data-element_type=\"column\">\n\t\t\t<div class=\"elementor-widget-wrap elementor-element-populated\">\n\t\t\t\t\t\t\t\t<div class=\"elementor-element elementor-element-8c1ccd4 elementor-widget elementor-widget-heading\" data-id=\"8c1ccd4\" data-element_type=\"widget\" data-widget_type=\"heading.default\">\n\t\t\t\t<div class=\"elementor-widget-container\">\n\t\t\t<h1 class=\"elementor-heading-title elementor-size-default\">Agenda<\/h1>\t\t<\/div>\n\t\t\t\t<\/div>\n\t\t\t\t\t<\/div>\n\t\t<\/div>\n\t\t\t\t\t\t\t<\/div>\n\t\t<\/section>\n\t\t\t\t<section class=\"elementor-section elementor-top-section elementor-element elementor-element-af9fce3 elementor-section-boxed elementor-section-height-default elementor-section-height-default\" data-id=\"af9fce3\" data-element_type=\"section\">\n\t\t\t\t\t\t<div class=\"elementor-container elementor-column-gap-default\">\n\t\t\t\t\t<div class=\"elementor-column elementor-col-100 elementor-top-column elementor-element elementor-element-bd39489\" data-id=\"bd39489\" data-element_type=\"column\">\n\t\t\t<div class=\"elementor-widget-wrap elementor-element-populated\">\n\t\t\t\t\t\t\t\t<section class=\"elementor-section elementor-inner-section elementor-element elementor-element-0614c1e elementor-section-full_width elementor-section-height-default elementor-section-height-default\" data-id=\"0614c1e\" data-element_type=\"section\">\n\t\t\t\t\t\t<div class=\"elementor-container elementor-column-gap-default\">\n\t\t\t\t\t<div class=\"elementor-column elementor-col-100 elementor-inner-column elementor-element elementor-element-92041ac\" data-id=\"92041ac\" data-element_type=\"column\">\n\t\t\t<div class=\"elementor-widget-wrap elementor-element-populated\">\n\t\t\t\t\t\t\t\t<div class=\"elementor-element elementor-element-aa3e807 elementor-widget elementor-widget-heading\" data-id=\"aa3e807\" data-element_type=\"widget\" data-widget_type=\"heading.default\">\n\t\t\t\t<div class=\"elementor-widget-container\">\n\t\t\t<h2 class=\"elementor-heading-title elementor-size-default\"><h2 style=\"color: rgb(141, 141, 141); font-family: Shanti, sans-serif; white-space-collapse: collapse; text-align: center;\"><span style=\"color: rgb(128, 0, 0);\">STAGE BIEN \u00cbTRE \nDU 10 AU 12 AVRIL 2026<\/h2><\/h2>\t\t<\/div>\n\t\t\t\t<\/div>\n\t\t\t\t<div class=\"elementor-element elementor-element-3b0aec0 elementor-widget elementor-widget-heading\" data-id=\"3b0aec0\" data-element_type=\"widget\" data-widget_type=\"heading.default\">\n\t\t\t\t<div class=\"elementor-widget-container\">\n\t\t\t<h3 class=\"elementor-heading-title elementor-size-default\"><h3 style=\"color: rgb(141, 141, 141); font-family: Shanti, sans-serif; white-space-collapse: collapse; text-align: center;\"><span style=\"color: rgb(128, 0, 0);\">Danse, cr\u00e9ativit\u00e9 et nature\u00a0<\/span><\/h3><\/h3>\t\t<\/div>\n\t\t\t\t<\/div>\n\t\t\t\t<div class=\"elementor-element elementor-element-614e88b elementor-widget elementor-widget-text-editor\" data-id=\"614e88b\" data-element_type=\"widget\" data-widget_type=\"text-editor.default\">\n\t\t\t\t<div class=\"elementor-widget-container\">\n\t\t\t\t\t\t\t<h3 style=\"text-align: center;\"><strong><span style=\"color: #ff6600;\"><span style=\"font-family: system-ui, apple-system, system-ui, .SFNSText-Regular, sans-serif;\"><span style=\"font-size: small;\">Maison de quartier Le Local Poitiers<\/span><\/span><\/span><\/strong><\/h3>\t\t\t\t\t\t<\/div>\n\t\t\t\t<\/div>\n\t\t\t\t<div class=\"elementor-element elementor-element-68c3b1d elementor-widget elementor-widget-text-editor\" data-id=\"68c3b1d\" data-element_type=\"widget\" data-widget_type=\"text-editor.default\">\n\t\t\t\t<div class=\"elementor-widget-container\">\n\t\t\t\t\t\t\t<div class=\"xdj266r x14z9mp xat24cr x1lziwak x1vvkbs\"><br class=\"html-br\" \/>Danse, cr\u00e9ativit\u00e9 et nature\u00a0<span class=\"html-span xexx8yu xyri2b x18d9i69 x1c1uobl x1hl2dhg x16tdsg8 x1vvkbs x3nfvp2 x1j61x8r x1fcty0u xdj266r xat24cr xm2jcoa x1mpyi22 xxymvpz xlup9mm x1kky2od\"><img loading=\"lazy\" class=\"xz74otr x15mokao x1ga7v0g x16uus16 xbiv7yw\" src=\"https:\/\/static.xx.fbcdn.net\/images\/emoji.php\/v9\/ta\/2\/16\/1f333.png\" alt=\"\ud83c\udf33\" width=\"16\" height=\"16\" \/><\/span><br class=\"html-br\" \/>Trois jours pour se reconnecter \u00e0 soi, au corps et \u00e0 la nature.<\/div><div class=\"x14z9mp xat24cr x1lziwak x1vvkbs xtlvy1s\">Offrez-vous une parenth\u00e8se hors du temps, un voyage int\u00e9rieur o\u00f9 le mouvement, la cr\u00e9ativit\u00e9 et la marche deviennent chemins de pr\u00e9sence.<\/div><div class=\"x14z9mp xat24cr x1lziwak x1vvkbs xtlvy1s\"><span class=\"html-span xexx8yu xyri2b x18d9i69 x1c1uobl x1hl2dhg x16tdsg8 x1vvkbs x3nfvp2 x1j61x8r x1fcty0u xdj266r xat24cr xm2jcoa x1mpyi22 xxymvpz xlup9mm x1kky2od\"><img loading=\"lazy\" class=\"xz74otr x15mokao x1ga7v0g x16uus16 xbiv7yw\" src=\"https:\/\/static.xx.fbcdn.net\/images\/emoji.php\/v9\/t66\/2\/16\/1f483.png\" alt=\"\ud83d\udc83\" width=\"16\" height=\"16\" \/><\/span>Danse libre &amp; mouvement conscient<br class=\"html-br\" \/>Eveil du corps en douceur par la respiration, le yoga dans\u00e9 et le mouvement spontan\u00e9 nous permettant de retrouver la pr\u00e9sence, l\u2019\u00e9lan vital, la joie du geste libre et l\u2019\u00e9coute de soi.<\/div><div class=\"x14z9mp xat24cr x1lziwak x1vvkbs xtlvy1s\"><span class=\"html-span xexx8yu xyri2b x18d9i69 x1c1uobl x1hl2dhg x16tdsg8 x1vvkbs x3nfvp2 x1j61x8r x1fcty0u xdj266r xat24cr xm2jcoa x1mpyi22 xxymvpz xlup9mm x1kky2od\"><img loading=\"lazy\" class=\"xz74otr x15mokao x1ga7v0g x16uus16 xbiv7yw\" src=\"https:\/\/static.xx.fbcdn.net\/images\/emoji.php\/v9\/tda\/2\/16\/1fadf.png\" alt=\"\ud83e\udedf\" width=\"16\" height=\"16\" \/><\/span>Arts plastiques &amp; expression cr\u00e9ative<br class=\"html-br\" \/>Dessiner, peindre, coller, modeler, cr\u00e9er\u2026 sans attente ni jugement.<br class=\"html-br\" \/>Ce temps d\u2019atelier invitent \u00e0 laisser \u00e9merger les couleurs, les formes et les \u00e9motions, comme un prolongement du mouvement int\u00e9rieur.<\/div><div class=\"x14z9mp xat24cr x1lziwak x1vvkbs xtlvy1s\"><span class=\"html-span xexx8yu xyri2b x18d9i69 x1c1uobl x1hl2dhg x16tdsg8 x1vvkbs x3nfvp2 x1j61x8r x1fcty0u xdj266r xat24cr xm2jcoa x1mpyi22 xxymvpz xlup9mm x1kky2od\"><img loading=\"lazy\" class=\"xz74otr x15mokao x1ga7v0g x16uus16 xbiv7yw\" src=\"https:\/\/static.xx.fbcdn.net\/images\/emoji.php\/v9\/tdb\/2\/16\/1f98c.png\" alt=\"\ud83e\udd8c\" width=\"16\" height=\"16\" \/><\/span>Randonn\u00e9e &amp; immersion nature<br class=\"html-br\" \/>Une balade ressour\u00e7antes au c\u0153ur d\u2019un cadre naturel apaisant pour respirer, contempler et se relier au vivant. Danser !<br class=\"html-br\" \/>Marcher devient une m\u00e9ditation, un retour \u00e0 l\u2019essentiel et une source d&rsquo;inspiration.<\/div><div class=\"x14z9mp xat24cr x1lziwak x1vvkbs xtlvy1s\"><span class=\"html-span xexx8yu xyri2b x18d9i69 x1c1uobl x1hl2dhg x16tdsg8 x1vvkbs x3nfvp2 x1j61x8r x1fcty0u xdj266r xat24cr xm2jcoa x1mpyi22 xxymvpz xlup9mm x1kky2od\"><img loading=\"lazy\" class=\"xz74otr x15mokao x1ga7v0g x16uus16 xbiv7yw\" src=\"https:\/\/static.xx.fbcdn.net\/images\/emoji.php\/v9\/t16\/2\/16\/1f3e1.png\" alt=\"\ud83c\udfe1\" width=\"16\" height=\"16\" \/><\/span>\u00a0Un espace pour ralentir, se recentrer et s\u2019inspirer.<br class=\"html-br\" \/>Convivialit\u00e9, partages, repas partag\u00e9s, temps libres et veill\u00e9es douces.<\/div><div class=\"x14z9mp xat24cr x1lziwak x1vvkbs xtlvy1s\">Aucun niveau requis \u2014 seulement l\u2019envie d\u2019explorer et de s\u2019offrir un moment pour soi.<\/div><div>\u00a0<\/div><div class=\"x14z9mp xat24cr xtlvy1s x1vvkbs x1lziwak\"><span class=\"\">\ud83d\udc63 <b class=\"\">Vendredi 10 :<\/b><br class=\"html-br\" \/>Cercle d\u2019ouverture : 10h30-11h30<br class=\"html-br\" \/>Atelier danse : 11h30-13h<br class=\"html-br\" \/>Repas partag\u00e9 : 13h-14h15<br class=\"html-br\" \/>Atelier danse et \u00e9criture 14h15-17h15<span class=\"\" style=\"color: #080809;\">\u2026<\/span><\/span><\/div><div class=\"x14z9mp xat24cr xtlvy1s x1vvkbs x1lziwak\"><span class=\"\">\u00a0<\/span><\/div><div class=\"x14z9mp xat24cr xtlvy1s x1vvkbs x1lziwak\"><span class=\"\">\ud83c\udf33 <b class=\"\">Samedi 11 :<\/b><br class=\"html-br\" \/>Ballade m\u00e9ditative et danse dans la nature : 14h-16h30<br class=\"html-br\" \/>Atelier danse et dessin (mat\u00e9riel fournis) : 17h-18h30\u00a0<span class=\"\" style=\"color: #080809;\">\u2026<\/span><\/span><\/div><div class=\"x14z9mp xat24cr xtlvy1s x1vvkbs x1lziwak\"><span class=\"\">\u00a0<\/span><\/div><div class=\"x14z9mp xat24cr xtlvy1s x1vvkbs x1lziwak\"><span class=\"\">\ud83e\udd8b <b class=\"\">Dimanche 12 :<\/b><br class=\"html-br\" \/>Atelier danse 11h-13h<br class=\"html-br\" \/>Repas partag\u00e9 : 13h-14h15<br class=\"html-br\" \/>Cercle de fermeture 14h15-15h30.<\/span><\/div><div>\u00a0<\/div><div><span class=\"html-span xexx8yu xyri2b x18d9i69 x1c1uobl x1hl2dhg x16tdsg8 x1vvkbs x3nfvp2 x1j61x8r x1fcty0u xdj266r xat24cr xm2jcoa x1mpyi22 xxymvpz xlup9mm x1kky2od\"><img loading=\"lazy\" class=\"xz74otr x15mokao x1ga7v0g x16uus16 xbiv7yw\" src=\"https:\/\/static.xx.fbcdn.net\/images\/emoji.php\/v9\/t7f\/2\/16\/1f31f.png\" alt=\"\ud83c\udf1f\" width=\"16\" height=\"16\" \/><\/span>Combien ?<br class=\"html-br\" \/>&#8211; Tarif stage : 250\u20ac\/280\u20ac selon le nombre d&rsquo;inscrits<\/div>\t\t\t\t\t\t<\/div>\n\t\t\t\t<\/div>\n\t\t\t\t\t<\/div>\n\t\t<\/div>\n\t\t\t\t\t\t\t<\/div>\n\t\t<\/section>\n\t\t\t\t<section class=\"elementor-section elementor-inner-section elementor-element elementor-element-257d4ed elementor-section-full_width elementor-section-height-default elementor-section-height-default\" data-id=\"257d4ed\" data-element_type=\"section\">\n\t\t\t\t\t\t<div class=\"elementor-container elementor-column-gap-default\">\n\t\t\t\t\t<div class=\"elementor-column elementor-col-100 elementor-inner-column elementor-element elementor-element-600593f\" data-id=\"600593f\" data-element_type=\"column\">\n\t\t\t<div class=\"elementor-widget-wrap elementor-element-populated\">\n\t\t\t\t\t\t\t\t<div class=\"elementor-element elementor-element-31444ae elementor-widget elementor-widget-heading\" data-id=\"31444ae\" data-element_type=\"widget\" data-widget_type=\"heading.default\">\n\t\t\t\t<div class=\"elementor-widget-container\">\n\t\t\t<h2 class=\"elementor-heading-title elementor-size-default\"><h2 style=\"color: rgb(141, 141, 141); font-family: Shanti, sans-serif; white-space-collapse: collapse; text-align: center;\"><span style=\"color: rgb(128, 0, 0);\">Les ateliers bien-\u00eatre et cr\u00e9ativit\u00e9 :<\/span><\/h2><\/h2>\t\t<\/div>\n\t\t\t\t<\/div>\n\t\t\t\t<div class=\"elementor-element elementor-element-e7d0c16 elementor-widget elementor-widget-heading\" data-id=\"e7d0c16\" data-element_type=\"widget\" data-widget_type=\"heading.default\">\n\t\t\t\t<div class=\"elementor-widget-container\">\n\t\t\t<h3 class=\"elementor-heading-title elementor-size-default\"><h3 style=\"color: rgb(141, 141, 141); font-family: Shanti, sans-serif; white-space-collapse: collapse; text-align: center;\"><span style=\"color: rgb(128, 0, 0);\">Atelier \u00ab \u00e7a Cr\u00e9e \u00bb Danse libre et cr\u00e9ative<\/span><\/h3><\/h3>\t\t<\/div>\n\t\t\t\t<\/div>\n\t\t\t\t<div class=\"elementor-element elementor-element-bafa40d elementor-widget elementor-widget-text-editor\" data-id=\"bafa40d\" data-element_type=\"widget\" data-widget_type=\"text-editor.default\">\n\t\t\t\t<div class=\"elementor-widget-container\">\n\t\t\t\t\t\t\t<p style=\"text-align: center;\" align=\"left\"><span style=\"color: #ff6600;\"><em>Maison de quartier Le Local\u00a0<\/em><\/span><\/p><p style=\"text-align: center;\" align=\"left\"><i style=\"color: #ff6600;\">16 rue Saint Pierre Le Puellier\u00a0<\/i><span style=\"color: #ff6600;\"><span style=\"caret-color: #ff6600;\"><i>Poitiers<\/i><\/span><\/span><\/p>\t\t\t\t\t\t<\/div>\n\t\t\t\t<\/div>\n\t\t\t\t<div class=\"elementor-element elementor-element-6f93346 elementor-widget elementor-widget-text-editor\" data-id=\"6f93346\" data-element_type=\"widget\" data-widget_type=\"text-editor.default\">\n\t\t\t\t<div class=\"elementor-widget-container\">\n\t\t\t\t\t\t\t<p style=\"text-align: center;\" align=\"left\"><strong>Les lundis de 19h \u00e0 20h30 \/\u00a0<\/strong><\/p><p style=\"text-align: center;\" align=\"left\"><span style=\"color: #993300;\">Reprise le lundi 15 septembre 2025<\/span><\/p><p style=\"text-align: center;\" align=\"left\"><strong>sauf pendant les vacances scolaires \/ sans pr\u00e9-requis \/ 12 places disponibles<\/strong><\/p>\t\t\t\t\t\t<\/div>\n\t\t\t\t<\/div>\n\t\t\t\t<div class=\"elementor-element elementor-element-6059076 elementor-widget elementor-widget-text-editor\" data-id=\"6059076\" data-element_type=\"widget\" data-widget_type=\"text-editor.default\">\n\t\t\t\t<div class=\"elementor-widget-container\">\n\t\t\t\t\t\t\t<div dir=\"auto\" style=\"text-align: center;\">Dans une dynamique joyeuse et bienveillante, l\u2019atelier de danse libre et cr\u00e9ative permet d\u2019emprunter divers chemins vers l\u2019expression de soi \u00e0 travers les fondamentaux de la danse : l\u2019espace, le temps, l\u2019intention, l\u2019\u00e9nergie, la relation, l&rsquo;ancrage,\u00a0<span style=\"color: var( --e-global-color-text ); font-size: 1.0625rem;\">alignement, la musicalit\u00e9 et le rythme. Des outils riches et pr\u00e9cieux pour aller vers le bien-\u00eatre,\u00a0l\u2019\u00e9panouissement, le plaisir et la joie.<\/span><br \/><span style=\"color: #808080; text-align: center; font-family: var( --e-global-typography-text-font-family ), Sans-serif; font-weight: var( --e-global-typography-text-font-weight ); font-size: 1.0625rem;\">Tarifs : 390 \u20ac\u00a0<\/span><span style=\"color: #808080; text-align: center; font-family: var( --e-global-typography-text-font-family ), Sans-serif; font-weight: var( --e-global-typography-text-font-weight ); font-size: 1.0625rem;\">\u00a0pour 30 s\u00e9ances<\/span><\/div><div><p style=\"text-align: center;\" align=\"left\"><span style=\"color: #808080;\">350 \u20ac tarifs r\u00e9duits ( RSA-\u00e9tudiants) possibilit\u00e9 de payer en plusieurs ch\u00e8ques\u00a0<\/span><\/p><p style=\"text-align: center;\" align=\"left\"><span style=\"color: var( --e-global-color-text ); font-family: var( --e-global-typography-text-font-family ), Sans-serif; font-size: 1.0625rem; font-weight: var( --e-global-typography-text-font-weight );\">S\u00e9ances d&rsquo;essais \u00e0 prix libre toute l&rsquo;ann\u00e9e \/\/ <\/span><span style=\"color: var( --e-global-color-text ); font-family: var( --e-global-typography-text-font-family ), Sans-serif; font-weight: var( --e-global-typography-text-font-weight ); font-size: 1.0625rem;\">Ensuite s\u00e9ance \u00e0 l&rsquo;unit\u00e9 : 20 \u20ac<\/span><\/p><p style=\"text-align: center;\" align=\"left\">Carte de 10 s\u00e9ances : 170 \u20ac\u00a0<\/p><\/div>\t\t\t\t\t\t<\/div>\n\t\t\t\t<\/div>\n\t\t\t\t\t<\/div>\n\t\t<\/div>\n\t\t\t\t\t\t\t<\/div>\n\t\t<\/section>\n\t\t\t\t<section class=\"elementor-section elementor-inner-section elementor-element elementor-element-abeb48a elementor-section-full_width elementor-section-height-default elementor-section-height-default\" data-id=\"abeb48a\" data-element_type=\"section\">\n\t\t\t\t\t\t<div class=\"elementor-container elementor-column-gap-default\">\n\t\t\t\t\t<div class=\"elementor-column elementor-col-100 elementor-inner-column elementor-element elementor-element-539c532\" data-id=\"539c532\" data-element_type=\"column\">\n\t\t\t<div class=\"elementor-widget-wrap elementor-element-populated\">\n\t\t\t\t\t\t\t\t<div class=\"elementor-element elementor-element-dec65fa elementor-widget elementor-widget-heading\" data-id=\"dec65fa\" data-element_type=\"widget\" data-widget_type=\"heading.default\">\n\t\t\t\t<div class=\"elementor-widget-container\">\n\t\t\t<h2 class=\"elementor-heading-title elementor-size-default\"><h2 style=\"color: rgb(141, 141, 141); font-family: Shanti, sans-serif; white-space-collapse: collapse; text-align: center;\"><span style=\"color: rgb(128, 0, 0);\">Cycle de Danse th\u00e9rapie <br>\n\"Corps Confiance\"  :<\/span><\/h2><\/h2>\t\t<\/div>\n\t\t\t\t<\/div>\n\t\t\t\t<div class=\"elementor-element elementor-element-9327a13 elementor-widget elementor-widget-text-editor\" data-id=\"9327a13\" data-element_type=\"widget\" data-widget_type=\"text-editor.default\">\n\t\t\t\t<div class=\"elementor-widget-container\">\n\t\t\t\t\t\t\t<div class=\"xdj266r x14z9mp xat24cr x1lziwak x1vvkbs x126k92a\"><div dir=\"auto\" style=\"text-align: center;\"><em><span style=\"color: #ff6600;\">Le Centre de soin\u00a0<\/span><\/em><\/div><div dir=\"auto\" style=\"text-align: center;\"><em><span style=\"color: #ff6600;\">26 All\u00e9e Champs Dinard\u00a0<\/span><\/em><\/div><div dir=\"auto\" style=\"text-align: center;\"><em><span style=\"color: #ff6600;\">Zone d&rsquo;activit\u00e9 Mign\u00e9 Auxance<\/span><\/em>s<\/div><div dir=\"auto\" style=\"text-align: center;\">\u00a0<\/div><div dir=\"auto\" style=\"text-align: center;\">Et si vous preniez rendez-vous avec votre corps, votre mouvement, votre confiance ?<\/div><\/div><div class=\"x14z9mp xat24cr x1lziwak x1vvkbs xtlvy1s x126k92a\" style=\"text-align: center;\"><div dir=\"auto\">De septembre 2025 \u00e0 juin 2026,<span class=\"html-span xdj266r x14z9mp xat24cr x1lziwak xexx8yu xyri2b x18d9i69 x1c1uobl x1hl2dhg x16tdsg8 x1vvkbs\"><a class=\"x1i10hfl xjbqb8w x1ejq31n x18oe1m7 x1sy0etr xstzfhl x972fbf x10w94by x1qhh985 x14e42zd x9f619 x1ypdohk xt0psk2 xe8uvvx xdj266r x14z9mp xat24cr x1lziwak xexx8yu xyri2b x18d9i69 x1c1uobl x16tdsg8 x1hl2dhg xggy1nq x1a2a7pz xkrqix3 x1sur9pj x1fey0fg x1s688f\" tabindex=\"0\" role=\"link\" href=\"https:\/\/www.facebook.com\/krysalide.karine.jamet?__cft__[0]=AZW27hVhBV-RGCJYZrRkyUIYYFYyi2SJds09TraRc21dkkWFXXsi0ZpUnI1wUJ_th9pIP6VVzUx-mstHZSTMaOsMxH1-3of1mJEVBwcRt0PE68ViSLcFl8nff-zEM7AIOAanTY8dCrsBX2zlJdzjCuM7no8mCIxyRWFvwEQrIayPgM7VdRlpgSE8BWr_WNTa69bZWogwCTmcZef-9mGj8Vi7IIeT2Qav7YD3vCxnU0miOg&amp;__tn__=-]K-y-R\"><span class=\"xt0psk2\"><span class=\"xjp7ctv\"> Les Ateliers Krysalide \/ Karine Jamet Danse Therapeut<\/span><\/span><\/a><\/span>e propose un cycle de 20 s\u00e9ances de danse-th\u00e9rapie, deux fois par mois, pour explorer le lien au corps, lib\u00e9rer les tensions, renforcer l\u2019estime de soi, et laisser \u00e9merger la joie du mouvement libre et sensible.<\/div><\/div><div class=\"x14z9mp xat24cr x1lziwak x1vvkbs xtlvy1s x126k92a\" style=\"text-align: center;\"><div dir=\"auto\"><span class=\"html-span xexx8yu xyri2b x18d9i69 x1c1uobl x1hl2dhg x16tdsg8 x1vvkbs x3nfvp2 x1j61x8r x1fcty0u xdj266r xat24cr xm2jcoa x1mpyi22 xxymvpz xlup9mm x1kky2od\"><img loading=\"lazy\" class=\"xz74otr x15mokao x1ga7v0g x16uus16 xbiv7yw\" src=\"https:\/\/static.xx.fbcdn.net\/images\/emoji.php\/v9\/t85\/2\/16\/1f570.png\" alt=\"\ud83d\udd70\ufe0f\" width=\"16\" height=\"16\" \/><\/span> Deux cr\u00e9neaux au choix :<\/div><div dir=\"auto\">\u2013 17h30 \u00e0 19h<\/div><div dir=\"auto\">\u2013 19h15 \u00e0 20h45<\/div><div dir=\"auto\">(6 participants par groupe pour un accompagnement intime et personnalis\u00e9)<\/div><\/div><div class=\"x14z9mp xat24cr x1lziwak x1vvkbs xtlvy1s x126k92a\" style=\"text-align: center;\"><div dir=\"auto\">Tarif plein : 530 euros<\/div><div dir=\"auto\">Tarif r\u00e9duit : 490 euros<\/div><\/div><div class=\"x14z9mp xat24cr x1lziwak x1vvkbs xtlvy1s x126k92a\" style=\"text-align: center;\"><div dir=\"auto\">Un chemin doux et puissant pour cultiver la pr\u00e9sence, la s\u00e9curit\u00e9 int\u00e9rieure et l\u2019expression de soi.<\/div><div dir=\"auto\">S\u00e9ances d\u2019essais les 10 ou 11 septembre de 19h \u00e0 20h30 sur inscription.<\/div><div dir=\"auto\"><p>Dates du cycle : 18-25 sept\/ 2-16 oct\/ 6-20 nov\/4-18 dec\/8-22 janv\/5-26 fev\/<\/p><p>12-26mars\/2-23 avr\/7-21 mai\/4-18 juin<\/p><p><span style=\"font-size: 0.9rem;\">Inscriptions ouvertes \u2013 places limit\u00e9es !<\/span><\/p><\/div><\/div><div class=\"x14z9mp xat24cr x1lziwak x1vvkbs xtlvy1s x126k92a\"><div dir=\"auto\" style=\"text-align: left;\">\u00ab \ud835\udc44\ud835\udc62\ud835\udc4e\ud835\udc5b\ud835\udc51 \ud835\udc59\ud835\udc52 \ud835\udc50\ud835\udc5c\ud835\udc5f\ud835\udc5d\ud835\udc60 \ud835\udc60\u2019\ud835\udc52\ud835\udc65\ud835\udc5d\ud835\udc5f\ud835\udc56\ud835\udc5a\ud835\udc52, \ud835\udc59\u2019\ud835\udc4e\u0302\ud835\udc5a\ud835\udc52 \ud835\udc5f\ud835\udc52\ud835\udc60\ud835\udc5d\ud835\udc56\ud835\udc5f\ud835\udc52. \u00bb<\/div><div dir=\"auto\" style=\"text-align: left;\">\u00a0<\/div><div dir=\"auto\" style=\"text-align: left;\"><a href=\"http:\/\/krysalide.net\/wp-content\/uploads\/2025\/06\/bulletin-dinscription-Cycle-Danse-Th-2526.pdf\" target=\"_blank\" rel=\"noopener\">Bulletin d&rsquo;inscription ici\u00a0<\/a><\/div><div dir=\"auto\" style=\"text-align: left;\"><a href=\"https:\/\/www.facebook.com\/events\/1009114871296429\/1009114934629756?active_tab=about\">Evenement Facebook<\/a><\/div><\/div><div dir=\"auto\">COMPLET\u00a0<\/div><div dir=\"auto\">Nouvelle session de sept 26\/\u00e0 juin 27\u00a0<\/div>\t\t\t\t\t\t<\/div>\n\t\t\t\t<\/div>\n\t\t\t\t<div class=\"elementor-element elementor-element-9201dd7 elementor-widget elementor-widget-heading\" data-id=\"9201dd7\" data-element_type=\"widget\" data-widget_type=\"heading.default\">\n\t\t\t\t<div class=\"elementor-widget-container\">\n\t\t\t<h2 class=\"elementor-heading-title elementor-size-default\"><h2 style=\"color: rgb(141, 141, 141); font-family: Shanti, sans-serif; white-space-collapse: collapse; text-align: center;\"><span style=\"color: rgb(128, 0, 0);\">Accompagnement individuel<br>\nDanse Th\u00e9rapie \/ Art Th\u00e9rapie :<\/span><\/h2><\/h2>\t\t<\/div>\n\t\t\t\t<\/div>\n\t\t\t\t<div class=\"elementor-element elementor-element-8a867f2 elementor-widget elementor-widget-text-editor\" data-id=\"8a867f2\" data-element_type=\"widget\" data-widget_type=\"text-editor.default\">\n\t\t\t\t<div class=\"elementor-widget-container\">\n\t\t\t\t\t\t\t<p class=\"cvGsUA direction-ltr align-center para-style-body\" style=\"text-align: center;\"><span class=\"OYPEnA font-feature-liga-off font-feature-clig-off font-feature-calt-off text-decoration-none text-strikethrough-none\">Ces accompagnements th\u00e9rapeutiques\u00a0<\/span><span style=\"color: var( --e-global-color-text ); font-family: var( --e-global-typography-text-font-family ), Sans-serif; font-size: 1.0625rem;\">seront adapt\u00e9s \u00e0 vos besoins.<\/span><\/p><p class=\"cvGsUA direction-ltr align-center para-style-body\" style=\"text-align: center;\"><span class=\"OYPEnA font-feature-liga-off font-feature-clig-off font-feature-calt-off text-decoration-none text-strikethrough-none\">Je propose des s\u00e9ances individuelles en <\/span><span class=\"OYPEnA font-feature-liga-off font-feature-clig-off font-feature-calt-off text-decoration-none text-strikethrough-none\" style=\"color: #800080;\"><b>art plastique\u00a0<\/b><\/span><span class=\"OYPEnA font-feature-liga-off font-feature-clig-off font-feature-calt-off text-decoration-none text-strikethrough-none\" style=\"color: var( --e-global-color-text ); font-family: var( --e-global-typography-text-font-family ), Sans-serif; font-size: 1.0625rem;\"><span style=\"color: #800080;\"><b>ou musiqu<\/b><strong>e<\/strong><strong> et chant <\/strong><\/span><\/span><span class=\"OYPEnA font-feature-liga-off font-feature-clig-off font-feature-calt-off text-decoration-none text-strikethrough-none\" style=\"color: var( --e-global-color-text ); font-family: var( --e-global-typography-text-font-family ), Sans-serif; font-size: 1.0625rem;\">\u00e0 domicile pour les personnes en situation de handicap et les s\u00e9niors.<\/span><\/p><p class=\"cvGsUA direction-ltr align-center para-style-body\" style=\"text-align: center;\"><span class=\"OYPEnA font-feature-liga-off font-feature-clig-off font-feature-calt-off text-decoration-none text-strikethrough-none\">Apr\u00e8s une premi\u00e8re rencontre, nous d\u00e9finissons ensemble\u00a0<\/span><span style=\"color: var( --e-global-color-text ); font-family: var( --e-global-typography-text-font-family ), Sans-serif; font-size: 1.0625rem;\">le parcours d\u2019accompagnement.<\/span><\/p><p class=\"cvGsUA direction-ltr align-center para-style-body\" style=\"text-align: center;\"><span class=\"OYPEnA font-feature-liga-off font-feature-clig-off font-feature-calt-off text-decoration-none text-strikethrough-none\">Tarifs :<\/span><\/p><p class=\"cvGsUA direction-ltr align-center para-style-body\" style=\"text-align: center;\"><span class=\"OYPEnA font-feature-liga-off font-feature-clig-off font-feature-calt-off text-decoration-none text-strikethrough-none\">La s\u00e9ance d\u2019une heure : 65 \u20ac<\/span>\u00a0\/\u00a0<span class=\"OYPEnA font-feature-liga-off font-feature-clig-off font-feature-calt-off text-decoration-none text-strikethrough-none\">Carte de 10 s\u00e9ances : 600 \u20ac<\/span><\/p><p class=\"cvGsUA direction-ltr align-center para-style-body\" style=\"text-align: center;\"><span class=\"OYPEnA font-feature-liga-off font-feature-clig-off font-feature-calt-off text-decoration-none text-strikethrough-none\">Materiel compris.<\/span><\/p><p class=\"cvGsUA direction-ltr align-center para-style-body\" style=\"text-align: center;\"><span class=\"OYPEnA font-feature-liga-off font-feature-clig-off font-feature-calt-off text-decoration-none text-strikethrough-none\">&#8212;&#8211;<\/span><\/p><p class=\"cvGsUA direction-ltr align-center para-style-body\" style=\"text-align: center;\"><span style=\"color: #800080;\"><b><span class=\"OYPEnA font-feature-liga-off font-feature-clig-off font-feature-calt-off text-decoration-none text-strikethrough-none\">Pour la <\/span><span class=\"OYPEnA font-feature-liga-off font-feature-clig-off font-feature-calt-off text-decoration-none text-strikethrough-none\">Danse Therapie,<\/span><\/b><\/span><\/p><p class=\"cvGsUA direction-ltr align-center para-style-body\" style=\"text-align: center;\"><span class=\"OYPEnA font-feature-liga-off font-feature-clig-off font-feature-calt-off text-decoration-none text-strikethrough-none\">La m\u00e9thode Krysalide propose un parcours de transformation en 5\/10 ou 15 s\u00e9ances en studio ou \u00e0 domicile si l&rsquo;espace le permet.\u00a0<\/span><\/p><p class=\"cvGsUA direction-ltr align-center para-style-body\" style=\"text-align: center;\"><span class=\"OYPEnA font-feature-liga-off font-feature-clig-off font-feature-calt-off text-decoration-none text-strikethrough-none\">A travers ce chemin dansant, vous allez surement\u00a0<\/span><span style=\"color: var( --e-global-color-text ); font-family: var( --e-global-typography-text-font-family ), Sans-serif; font-size: 1.0625rem;\">d\u00e9ployer vos ailes&#8230;<\/span><\/p><p class=\"cvGsUA direction-ltr align-center para-style-body\" style=\"text-align: center;\"><span class=\"OYPEnA font-feature-liga-off font-feature-clig-off font-feature-calt-off text-decoration-none text-strikethrough-none\">Contactez moi pour un premier entretien t\u00e9l\u00e9phonique gratuit.<\/span><\/p><p class=\"cvGsUA direction-ltr align-center para-style-body\" style=\"text-align: center;\"><span class=\"OYPEnA font-feature-liga-off font-feature-clig-off font-feature-calt-off text-decoration-none text-strikethrough-none\">S\u00e9ance d&rsquo;1h\/1h15\u00a0<\/span><\/p><p class=\"cvGsUA direction-ltr align-center para-style-body\" style=\"text-align: center;\"><span class=\"OYPEnA font-feature-liga-off font-feature-clig-off font-feature-calt-off text-decoration-none text-strikethrough-none\">Tarifs :<\/span><\/p><p class=\"cvGsUA direction-ltr align-center para-style-body\" style=\"text-align: center;\"><span style=\"color: var( --e-global-color-text ); font-family: var( --e-global-typography-text-font-family ), Sans-serif; font-size: 1.0625rem;\">6 se\u0301ances : 480 \u20ac soit 80 \u20ac la se\u0301ance\u00a0<\/span><\/p><p class=\"cvGsUA direction-ltr align-center para-style-body\" style=\"text-align: center;\"><span style=\"color: var( --e-global-color-text ); font-family: var( --e-global-typography-text-font-family ), Sans-serif; font-size: 1.0625rem;\">7 \u00e0 15 se\u0301ances : 75 \u20ac la se\u0301ance<\/span><\/p><p class=\"cvGsUA direction-ltr align-center para-style-body\" style=\"text-align: center;\"><span class=\"OYPEnA font-feature-liga-off font-feature-clig-off font-feature-calt-off text-decoration-none text-strikethrough-none\">plus de 15 s\u00e9ances : \u00a070 \u20ac la s\u00e9ance<\/span><\/p><p class=\"cvGsUA direction-ltr align-center para-style-body\" style=\"text-align: center;\"><span class=\"OYPEnA font-feature-liga-off font-feature-clig-off font-feature-calt-off text-decoration-none text-strikethrough-none\">\/\/\/ moins 10\u20ac \u00e0 domicile\/\/\u00a0<\/span><\/p><p class=\"cvGsUA direction-ltr align-center para-style-body\" style=\"text-align: center;\"><a href=\"http:\/\/krysalide.net\/wp-content\/uploads\/2025\/03\/Methode-Krysalide-Parcours-de-transformation-1.pdf\">\u00a0Pr\u00e9sentation ici\u00a0<\/a><\/p><p class=\"cvGsUA direction-ltr align-center para-style-body\" style=\"text-align: center;\">\u00a0<\/p>\t\t\t\t\t\t<\/div>\n\t\t\t\t<\/div>\n\t\t\t\t<div class=\"elementor-element elementor-element-53a0ad6 elementor-widget-divider--view-line_icon elementor-widget-divider--separator-type-pattern elementor-widget-divider--no-spacing elementor-view-default elementor-widget-divider--element-align-center elementor-widget elementor-widget-divider\" data-id=\"53a0ad6\" data-element_type=\"widget\" data-widget_type=\"divider.default\">\n\t\t\t\t<div class=\"elementor-widget-container\">\n\t\t\t\t\t<div class=\"elementor-divider\" style=\"--divider-pattern-url: url(&quot;data:image\/svg+xml,%3Csvg xmlns=&#039;http:\/\/www.w3.org\/2000\/svg&#039; preserveAspectRatio=&#039;xMidYMid meet&#039; overflow=&#039;visible&#039; height=&#039;100%&#039; viewBox=&#039;0 0 126 26&#039; fill=&#039;black&#039; stroke=&#039;none&#039;%3E%3Cpath d=&#039;M3,10.2c2.6,0,2.6,2,2.6,3.2S4.4,16.5,3,16.5s-3-1.4-3-3.2S0.4,10.2,3,10.2z M18.8,10.2c1.7,0,3.2,1.4,3.2,3.2s-1.4,3.2-3.2,3.2c-1.7,0-3.2-1.4-3.2-3.2S17,10.2,18.8,10.2z M34.6,10.2c1.5,0,2.6,1.4,2.6,3.2s-0.5,3.2-1.9,3.2c-1.5,0-3.4-1.4-3.4-3.2S33.1,10.2,34.6,10.2z M50.5,10.2c1.7,0,3.2,1.4,3.2,3.2s-1.4,3.2-3.2,3.2c-1.7,0-3.3-0.9-3.3-2.6S48.7,10.2,50.5,10.2z M66.2,10.2c1.5,0,3.4,1.4,3.4,3.2s-1.9,3.2-3.4,3.2c-1.5,0-2.6-0.4-2.6-2.1S64.8,10.2,66.2,10.2z M82.2,10.2c1.7,0.8,2.6,1.4,2.6,3.2s-0.1,3.2-1.6,3.2c-1.5,0-3.7-1.4-3.7-3.2S80.5,9.4,82.2,10.2zM98.6,10.2c1.5,0,2.6,0.4,2.6,2.1s-1.2,4.2-2.6,4.2c-1.5,0-3.7-0.4-3.7-2.1S97.1,10.2,98.6,10.2z M113.4,10.2c1.2,0,2.2,0.9,2.2,3.2s-0.1,3.2-1.3,3.2s-3.1-1.4-3.1-3.2S112.2,10.2,113.4,10.2z&#039;\/%3E%3C\/svg%3E&quot;);\">\n\t\t\t<span class=\"elementor-divider-separator\">\n\t\t\t\t\t\t\t<div class=\"elementor-icon elementor-divider__element\">\n\t\t\t\t\t<i aria-hidden=\"true\" class=\"far fa-circle\"><\/i><\/div>\n\t\t\t\t\t\t<\/span>\n\t\t<\/div>\n\t\t\t\t<\/div>\n\t\t\t\t<\/div>\n\t\t\t\t\t<\/div>\n\t\t<\/div>\n\t\t\t\t\t\t\t<\/div>\n\t\t<\/section>\n\t\t\t\t<section class=\"elementor-section elementor-inner-section elementor-element elementor-element-325cdad elementor-section-full_width elementor-section-height-default elementor-section-height-default\" data-id=\"325cdad\" data-element_type=\"section\">\n\t\t\t\t\t\t<div class=\"elementor-container elementor-column-gap-default\">\n\t\t\t\t\t<div class=\"elementor-column elementor-col-100 elementor-inner-column elementor-element elementor-element-8019bae\" data-id=\"8019bae\" data-element_type=\"column\">\n\t\t\t<div class=\"elementor-widget-wrap elementor-element-populated\">\n\t\t\t\t\t\t\t\t<div class=\"elementor-element elementor-element-e178b5b elementor-widget elementor-widget-heading\" data-id=\"e178b5b\" data-element_type=\"widget\" data-widget_type=\"heading.default\">\n\t\t\t\t<div class=\"elementor-widget-container\">\n\t\t\t<h2 class=\"elementor-heading-title elementor-size-default\"><h2 style=\"color: rgb(141, 141, 141); font-family: Shanti, sans-serif; white-space-collapse: collapse; text-align: center;\"><span style=\"color: rgb(128, 0, 0);\">Les ateliers Danse et Enfance :<\/span><\/h2><\/h2>\t\t<\/div>\n\t\t\t\t<\/div>\n\t\t\t\t<div class=\"elementor-element elementor-element-c4f3879 elementor-widget elementor-widget-text-editor\" data-id=\"c4f3879\" data-element_type=\"widget\" data-widget_type=\"text-editor.default\">\n\t\t\t\t<div class=\"elementor-widget-container\">\n\t\t\t\t\t\t\t<p style=\"text-align: center;\" align=\"left\"><strong>Les Mercredis apr\u00e8s midi<\/strong><\/p>\t\t\t\t\t\t<\/div>\n\t\t\t\t<\/div>\n\t\t\t\t<div class=\"elementor-element elementor-element-b5ec423 elementor-widget-divider--view-line_icon elementor-widget-divider--separator-type-pattern elementor-widget-divider--no-spacing elementor-view-default elementor-widget-divider--element-align-center elementor-widget elementor-widget-divider\" data-id=\"b5ec423\" data-element_type=\"widget\" data-widget_type=\"divider.default\">\n\t\t\t\t<div class=\"elementor-widget-container\">\n\t\t\t\t\t<div class=\"elementor-divider\" style=\"--divider-pattern-url: url(&quot;data:image\/svg+xml,%3Csvg xmlns=&#039;http:\/\/www.w3.org\/2000\/svg&#039; preserveAspectRatio=&#039;xMidYMid meet&#039; overflow=&#039;visible&#039; height=&#039;100%&#039; viewBox=&#039;0 0 126 26&#039; fill=&#039;black&#039; stroke=&#039;none&#039;%3E%3Cpath d=&#039;M3,10.2c2.6,0,2.6,2,2.6,3.2S4.4,16.5,3,16.5s-3-1.4-3-3.2S0.4,10.2,3,10.2z M18.8,10.2c1.7,0,3.2,1.4,3.2,3.2s-1.4,3.2-3.2,3.2c-1.7,0-3.2-1.4-3.2-3.2S17,10.2,18.8,10.2z M34.6,10.2c1.5,0,2.6,1.4,2.6,3.2s-0.5,3.2-1.9,3.2c-1.5,0-3.4-1.4-3.4-3.2S33.1,10.2,34.6,10.2z M50.5,10.2c1.7,0,3.2,1.4,3.2,3.2s-1.4,3.2-3.2,3.2c-1.7,0-3.3-0.9-3.3-2.6S48.7,10.2,50.5,10.2z M66.2,10.2c1.5,0,3.4,1.4,3.4,3.2s-1.9,3.2-3.4,3.2c-1.5,0-2.6-0.4-2.6-2.1S64.8,10.2,66.2,10.2z M82.2,10.2c1.7,0.8,2.6,1.4,2.6,3.2s-0.1,3.2-1.6,3.2c-1.5,0-3.7-1.4-3.7-3.2S80.5,9.4,82.2,10.2zM98.6,10.2c1.5,0,2.6,0.4,2.6,2.1s-1.2,4.2-2.6,4.2c-1.5,0-3.7-0.4-3.7-2.1S97.1,10.2,98.6,10.2z M113.4,10.2c1.2,0,2.2,0.9,2.2,3.2s-0.1,3.2-1.3,3.2s-3.1-1.4-3.1-3.2S112.2,10.2,113.4,10.2z&#039;\/%3E%3C\/svg%3E&quot;);\">\n\t\t\t<span class=\"elementor-divider-separator\">\n\t\t\t\t\t\t\t<div class=\"elementor-icon elementor-divider__element\">\n\t\t\t\t\t<i aria-hidden=\"true\" class=\"far fa-circle\"><\/i><\/div>\n\t\t\t\t\t\t<\/span>\n\t\t<\/div>\n\t\t\t\t<\/div>\n\t\t\t\t<\/div>\n\t\t\t\t\t<\/div>\n\t\t<\/div>\n\t\t\t\t\t\t\t<\/div>\n\t\t<\/section>\n\t\t\t\t<section class=\"elementor-section elementor-inner-section elementor-element elementor-element-16306a1 elementor-section-boxed elementor-section-height-default elementor-section-height-default\" data-id=\"16306a1\" data-element_type=\"section\">\n\t\t\t\t\t\t<div class=\"elementor-container elementor-column-gap-default\">\n\t\t\t\t\t<div class=\"elementor-column elementor-col-100 elementor-inner-column elementor-element elementor-element-73d0eb5\" data-id=\"73d0eb5\" data-element_type=\"column\">\n\t\t\t<div class=\"elementor-widget-wrap elementor-element-populated\">\n\t\t\t\t\t\t\t\t<div class=\"elementor-element elementor-element-7e32cb8 elementor-widget elementor-widget-text-editor\" data-id=\"7e32cb8\" data-element_type=\"widget\" data-widget_type=\"text-editor.default\">\n\t\t\t\t<div class=\"elementor-widget-container\">\n\t\t\t\t\t\t\t<p style=\"text-align: center;\"><strong>Initiation : <\/strong>14h \u00e0 15h pour les 8\/11 ans<\/p><p style=\"text-align: center;\"><span style=\"color: #ff6600;\"><strong>Au Centre d&rsquo;animation de Beaulieu<\/strong><\/span><\/p><p style=\"text-align: center;\">***<\/p><p style=\"text-align: center;\"><strong><span style=\"color: #000000;\">Ateliers inclusifs<\/span> <\/strong><\/p><p style=\"text-align: center;\"><strong>Eveil:<\/strong> De 15h45 \u00e0 16h30 pour les 4\/6 ans<\/p><p style=\"text-align: center;\"><strong>Initiation :<\/strong> De 16h30 \u00e0 17h130 pour les 6\/8 ans\u00a0<\/p><p style=\"text-align: center;\"><span style=\"color: #ff6600;\"><strong>A la Maison de quartier Le Local\u00a0<\/strong><\/span><\/p><p style=\"text-align: center;\">Inscriptions aupr\u00e8s du centre et \u00a0maison de quartier\u00a0<\/p><p style=\"text-align: center;\">Tarif selon QF\u00a0<\/p>\t\t\t\t\t\t<\/div>\n\t\t\t\t<\/div>\n\t\t\t\t<div class=\"elementor-element elementor-element-19a692d elementor-widget elementor-widget-text-editor\" data-id=\"19a692d\" data-element_type=\"widget\" data-widget_type=\"text-editor.default\">\n\t\t\t\t<div class=\"elementor-widget-container\">\n\t\t\t\t\t\t\t<h2 style=\"text-align: center;\"><span style=\"color: #800000;\"><strong>Les ateliers en associations ou en structures\u00a0<\/strong><\/span><\/h2><h2 style=\"text-align: center;\"><span style=\"color: #800000;\"><strong>pr\u00e9vus en 25\/26<\/strong><\/span><\/h2><h4 style=\"text-align: center;\"><span style=\"color: #000000;\"><strong>N&rsquo;h\u00e9sitez pas \u00e0 me contacter !\u00a0<\/strong><\/span><\/h4><p style=\"text-align: center;\"><span style=\"color: #ff6600;\"><strong>Association Cord&rsquo;\u00e2ge<\/strong><\/span><\/p><p style=\"text-align: center;\">pour adultes \u00ab\u00a0vuln\u00e9rables\u00a0\u00bb de 18 \u00e0 99 ans&#8230;<\/p><p style=\"text-align: center;\">&#8212;&#8212;<\/p><p style=\"text-align: center;\"><span style=\"color: #ff6600;\">Residences s\u00e9niors Marie Troubat et Ren\u00e9 Crozet \u00e0 Poitiers<\/span><\/p><p style=\"text-align: center;\">&#8212;&#8212;<\/p><p style=\"text-align: center;\"><span style=\"color: #ff6600;\"><b>Initiative Formation 86\u00a0<\/b><\/span><\/p><p style=\"text-align: center;\">Personnes en r\u00e9insertion sociale\u00a0<\/p><p style=\"text-align: center;\">&#8212;&#8212;<\/p><p style=\"text-align: center;\"><span style=\"color: #ff6600;\"><b>Ehpad Sainte Clotilde \u00e0 vouill\u00e9 \u00a0<\/b><\/span><\/p><p style=\"text-align: center;\">Personne \u00e2g\u00e9es d\u00e9pendantes\u00a0<\/p><p style=\"text-align: center;\">&#8212;&#8212;<\/p><p style=\"text-align: center;\"><span style=\"color: #ff6600;\">Cr\u00e8che et RAM Tintim&rsquo;Arts \/ Poitiers\u00a0<\/span><\/p><p style=\"text-align: center;\">Eveil \u00e0 la danse pour les tous petits et leurs accompagnants.<\/p>\t\t\t\t\t\t<\/div>\n\t\t\t\t<\/div>\n\t\t\t\t\t<\/div>\n\t\t<\/div>\n\t\t\t\t\t\t\t<\/div>\n\t\t<\/section>\n\t\t\t\t\t<\/div>\n\t\t<\/div>\n\t\t\t\t\t\t\t<\/div>\n\t\t<\/section>\n\t\t\t\t\t\t\t<\/div>\n\t\t","protected":false},"excerpt":{"rendered":"<p>Agenda STAGE BIEN \u00cbTRE DU 10 AU 12 AVRIL 2026 Danse, cr\u00e9ativit\u00e9 et nature\u00a0 Maison de quartier Le Local Poitiers<\/p>\n","protected":false},"author":1,"featured_media":0,"parent":0,"menu_order":0,"comment_status":"closed","ping_status":"closed","template":"elementor_header_footer","meta":[],"yoast_head":"<!-- This site is optimized with the Yoast SEO plugin v17.4 - https:\/\/yoast.com\/wordpress\/plugins\/seo\/ -->\n<title>Agenda - Krysalide - Danse Th\u00e9rapie Poitiers<\/title>\n<meta name=\"robots\" content=\"index, follow, max-snippet:-1, max-image-preview:large, max-video-preview:-1\" \/>\n<link rel=\"canonical\" href=\"https:\/\/krysalide.net\/index.php\/actualites\/\" \/>\n<meta property=\"og:locale\" content=\"fr_FR\" \/>\n<meta property=\"og:type\" content=\"article\" \/>\n<meta property=\"og:title\" content=\"Agenda - Krysalide - Danse Th\u00e9rapie Poitiers\" \/>\n<meta property=\"og:description\" content=\"Agenda STAGE BIEN \u00cbTRE DU 10 AU 12 AVRIL 2026 Danse, cr\u00e9ativit\u00e9 et nature\u00a0 Maison de quartier Le Local Poitiers\" \/>\n<meta property=\"og:url\" content=\"https:\/\/krysalide.net\/index.php\/actualites\/\" \/>\n<meta property=\"og:site_name\" content=\"Krysalide - Danse Th\u00e9rapie Poitiers\" \/>\n<meta property=\"article:modified_time\" content=\"2026-03-28T14:03:16+00:00\" \/>\n<meta property=\"og:image\" content=\"https:\/\/static.xx.fbcdn.net\/images\/emoji.php\/v9\/ta\/2\/16\/1f333.png\" \/>\n<meta name=\"twitter:card\" content=\"summary_large_image\" \/>\n<meta name=\"twitter:label1\" content=\"Dur\u00e9e de lecture est.\" \/>\n\t<meta name=\"twitter:data1\" content=\"6 minutes\" \/>\n<script type=\"application\/ld+json\" class=\"yoast-schema-graph\">{\"@context\":\"https:\/\/schema.org\",\"@graph\":[{\"@type\":\"Organization\",\"@id\":\"http:\/\/krysalide.net\/#organization\",\"name\":\"Krysalide\",\"url\":\"http:\/\/krysalide.net\/\",\"sameAs\":[],\"logo\":{\"@type\":\"ImageObject\",\"@id\":\"http:\/\/krysalide.net\/#logo\",\"inLanguage\":\"fr-FR\",\"url\":\"http:\/\/krysalide.net\/wp-content\/uploads\/2021\/10\/cropped-logoWeb100-1.png\",\"contentUrl\":\"http:\/\/krysalide.net\/wp-content\/uploads\/2021\/10\/cropped-logoWeb100-1.png\",\"width\":231,\"height\":100,\"caption\":\"Krysalide\"},\"image\":{\"@id\":\"http:\/\/krysalide.net\/#logo\"}},{\"@type\":\"WebSite\",\"@id\":\"http:\/\/krysalide.net\/#website\",\"url\":\"http:\/\/krysalide.net\/\",\"name\":\"Krysalide - Danse Th\\u00e9rapie Poitiers\",\"description\":\"danse poitiers bien etre therapie Karine Jamet\",\"publisher\":{\"@id\":\"http:\/\/krysalide.net\/#organization\"},\"potentialAction\":[{\"@type\":\"SearchAction\",\"target\":{\"@type\":\"EntryPoint\",\"urlTemplate\":\"http:\/\/krysalide.net\/?s={search_term_string}\"},\"query-input\":\"required name=search_term_string\"}],\"inLanguage\":\"fr-FR\"},{\"@type\":\"ImageObject\",\"@id\":\"https:\/\/krysalide.net\/index.php\/actualites\/#primaryimage\",\"inLanguage\":\"fr-FR\",\"url\":\"https:\/\/static.xx.fbcdn.net\/images\/emoji.php\/v9\/ta\/2\/16\/1f333.png\",\"contentUrl\":\"https:\/\/static.xx.fbcdn.net\/images\/emoji.php\/v9\/ta\/2\/16\/1f333.png\"},{\"@type\":\"WebPage\",\"@id\":\"https:\/\/krysalide.net\/index.php\/actualites\/#webpage\",\"url\":\"https:\/\/krysalide.net\/index.php\/actualites\/\",\"name\":\"Agenda - Krysalide - Danse Th\\u00e9rapie Poitiers\",\"isPartOf\":{\"@id\":\"http:\/\/krysalide.net\/#website\"},\"primaryImageOfPage\":{\"@id\":\"https:\/\/krysalide.net\/index.php\/actualites\/#primaryimage\"},\"datePublished\":\"2021-04-14T15:02:22+00:00\",\"dateModified\":\"2026-03-28T14:03:16+00:00\",\"breadcrumb\":{\"@id\":\"https:\/\/krysalide.net\/index.php\/actualites\/#breadcrumb\"},\"inLanguage\":\"fr-FR\",\"potentialAction\":[{\"@type\":\"ReadAction\",\"target\":[\"https:\/\/krysalide.net\/index.php\/actualites\/\"]}]},{\"@type\":\"BreadcrumbList\",\"@id\":\"https:\/\/krysalide.net\/index.php\/actualites\/#breadcrumb\",\"itemListElement\":[{\"@type\":\"ListItem\",\"position\":1,\"name\":\"Accueil\",\"item\":\"http:\/\/krysalide.net\/\"},{\"@type\":\"ListItem\",\"position\":2,\"name\":\"Agenda\"}]}]}<\/script>\n<!-- \/ Yoast SEO plugin. -->","yoast_head_json":{"title":"Agenda - Krysalide - Danse Th\u00e9rapie Poitiers","robots":{"index":"index","follow":"follow","max-snippet":"max-snippet:-1","max-image-preview":"max-image-preview:large","max-video-preview":"max-video-preview:-1"},"canonical":"https:\/\/krysalide.net\/index.php\/actualites\/","og_locale":"fr_FR","og_type":"article","og_title":"Agenda - Krysalide - Danse Th\u00e9rapie Poitiers","og_description":"Agenda STAGE BIEN \u00cbTRE DU 10 AU 12 AVRIL 2026 Danse, cr\u00e9ativit\u00e9 et nature\u00a0 Maison de quartier Le Local Poitiers","og_url":"https:\/\/krysalide.net\/index.php\/actualites\/","og_site_name":"Krysalide - Danse Th\u00e9rapie Poitiers","article_modified_time":"2026-03-28T14:03:16+00:00","og_image":[{"url":"https:\/\/static.xx.fbcdn.net\/images\/emoji.php\/v9\/ta\/2\/16\/1f333.png"}],"twitter_card":"summary_large_image","twitter_misc":{"Dur\u00e9e de lecture est.":"6 minutes"},"schema":{"@context":"https:\/\/schema.org","@graph":[{"@type":"Organization","@id":"http:\/\/krysalide.net\/#organization","name":"Krysalide","url":"http:\/\/krysalide.net\/","sameAs":[],"logo":{"@type":"ImageObject","@id":"http:\/\/krysalide.net\/#logo","inLanguage":"fr-FR","url":"http:\/\/krysalide.net\/wp-content\/uploads\/2021\/10\/cropped-logoWeb100-1.png","contentUrl":"http:\/\/krysalide.net\/wp-content\/uploads\/2021\/10\/cropped-logoWeb100-1.png","width":231,"height":100,"caption":"Krysalide"},"image":{"@id":"http:\/\/krysalide.net\/#logo"}},{"@type":"WebSite","@id":"http:\/\/krysalide.net\/#website","url":"http:\/\/krysalide.net\/","name":"Krysalide - Danse Th\u00e9rapie Poitiers","description":"danse poitiers bien etre therapie Karine Jamet","publisher":{"@id":"http:\/\/krysalide.net\/#organization"},"potentialAction":[{"@type":"SearchAction","target":{"@type":"EntryPoint","urlTemplate":"http:\/\/krysalide.net\/?s={search_term_string}"},"query-input":"required name=search_term_string"}],"inLanguage":"fr-FR"},{"@type":"ImageObject","@id":"https:\/\/krysalide.net\/index.php\/actualites\/#primaryimage","inLanguage":"fr-FR","url":"https:\/\/static.xx.fbcdn.net\/images\/emoji.php\/v9\/ta\/2\/16\/1f333.png","contentUrl":"https:\/\/static.xx.fbcdn.net\/images\/emoji.php\/v9\/ta\/2\/16\/1f333.png"},{"@type":"WebPage","@id":"https:\/\/krysalide.net\/index.php\/actualites\/#webpage","url":"https:\/\/krysalide.net\/index.php\/actualites\/","name":"Agenda - Krysalide - Danse Th\u00e9rapie Poitiers","isPartOf":{"@id":"http:\/\/krysalide.net\/#website"},"primaryImageOfPage":{"@id":"https:\/\/krysalide.net\/index.php\/actualites\/#primaryimage"},"datePublished":"2021-04-14T15:02:22+00:00","dateModified":"2026-03-28T14:03:16+00:00","breadcrumb":{"@id":"https:\/\/krysalide.net\/index.php\/actualites\/#breadcrumb"},"inLanguage":"fr-FR","potentialAction":[{"@type":"ReadAction","target":["https:\/\/krysalide.net\/index.php\/actualites\/"]}]},{"@type":"BreadcrumbList","@id":"https:\/\/krysalide.net\/index.php\/actualites\/#breadcrumb","itemListElement":[{"@type":"ListItem","position":1,"name":"Accueil","item":"http:\/\/krysalide.net\/"},{"@type":"ListItem","position":2,"name":"Agenda"}]}]}},"_links":{"self":[{"href":"https:\/\/krysalide.net\/index.php\/wp-json\/wp\/v2\/pages\/775"}],"collection":[{"href":"https:\/\/krysalide.net\/index.php\/wp-json\/wp\/v2\/pages"}],"about":[{"href":"https:\/\/krysalide.net\/index.php\/wp-json\/wp\/v2\/types\/page"}],"author":[{"embeddable":true,"href":"https:\/\/krysalide.net\/index.php\/wp-json\/wp\/v2\/users\/1"}],"replies":[{"embeddable":true,"href":"https:\/\/krysalide.net\/index.php\/wp-json\/wp\/v2\/comments?post=775"}],"version-history":[{"count":813,"href":"https:\/\/krysalide.net\/index.php\/wp-json\/wp\/v2\/pages\/775\/revisions"}],"predecessor-version":[{"id":3353,"href":"https:\/\/krysalide.net\/index.php\/wp-json\/wp\/v2\/pages\/775\/revisions\/3353"}],"wp:attachment":[{"href":"https:\/\/krysalide.net\/index.php\/wp-json\/wp\/v2\/media?parent=775"}],"curies":[{"name":"wp","href":"https:\/\/api.w.org\/{rel}","templated":true}]}}